{"version":"1.0","provider_name":"Calmon Divulga\u00e7\u00f5es","provider_url":"https:\/\/calmondivulgacoes.com.br\/en","author_name":"Calmon Divulga\u00e7\u00f5es","author_url":"https:\/\/calmondivulgacoes.com.br\/en\/autor\/calmondivulgacoesgmail-com\/","title":"Secret\u00e1rio Fabr\u00edcio Bacelar Lima Mendes destaca a\u00e7\u00f5es da pasta e temas atuais de Miguel Calmon em entrevista ao Jornal Tribuna Livre 16\/04\/2026 - Calmon Divulga\u00e7\u00f5es","type":"rich","width":600,"height":338,"html":"<blockquote class=\"wp-embedded-content\" data-secret=\"vBk2U7iAAG\"><a href=\"https:\/\/calmondivulgacoes.com.br\/en\/secretario-fabricio-bacela\/\">Secret\u00e1rio Fabr\u00edcio Bacelar Lima Mendes destaca a\u00e7\u00f5es da pasta e temas atuais de Miguel Calmon em entrevista ao Jornal Tribuna Livre 16\/04\/2026<\/a><\/blockquote><iframe sandbox=\"allow-scripts\" security=\"restricted\" src=\"https:\/\/calmondivulgacoes.com.br\/en\/secretario-fabricio-bacela\/embed\/#?secret=vBk2U7iAAG\" width=\"600\" height=\"338\" title=\"&#8220;Secret\u00e1rio Fabr\u00edcio Bacelar Lima Mendes destaca a\u00e7\u00f5es da pasta e temas atuais de Miguel Calmon em entrevista ao Jornal Tribuna Livre 16\/04\/2026&#8221; &#8212; Calmon Divulga\u00e7\u00f5es\" data-secret=\"vBk2U7iAAG\" frameborder=\"0\" marginwidth=\"0\" marginheight=\"0\" scrolling=\"no\" class=\"wp-embedded-content\"><\/iframe><script>\n\/*! This file is auto-generated *\/\n!function(d,l){\"use strict\";l.querySelector&&d.addEventListener&&\"undefined\"!=typeof URL&&(d.wp=d.wp||{},d.wp.receiveEmbedMessage||(d.wp.receiveEmbedMessage=function(e){var t=e.data;if((t||t.secret||t.message||t.value)&&!\/[^a-zA-Z0-9]\/.test(t.secret)){for(var s,r,n,a=l.querySelectorAll('iframe[data-secret=\"'+t.secret+'\"]'),o=l.querySelectorAll('blockquote[data-secret=\"'+t.secret+'\"]'),c=new RegExp(\"^https?:$\",\"i\"),i=0;i<o.length;i++)o[i].style.display=\"none\";for(i=0;i<a.length;i++)s=a[i],e.source===s.contentWindow&&(s.removeAttribute(\"style\"),\"height\"===t.message?(1e3<(r=parseInt(t.value,10))?r=1e3:~~r<200&&(r=200),s.height=r):\"link\"===t.message&&(r=new URL(s.getAttribute(\"src\")),n=new URL(t.value),c.test(n.protocol))&&n.host===r.host&&l.activeElement===s&&(d.top.location.href=t.value))}},d.addEventListener(\"message\",d.wp.receiveEmbedMessage,!1),l.addEventListener(\"DOMContentLoaded\",function(){for(var e,t,s=l.querySelectorAll(\"iframe.wp-embedded-content\"),r=0;r<s.length;r++)(t=(e=s[r]).getAttribute(\"data-secret\"))||(t=Math.random().toString(36).substring(2,12),e.src+=\"#?secret=\"+t,e.setAttribute(\"data-secret\",t)),e.contentWindow.postMessage({message:\"ready\",secret:t},\"*\")},!1)))}(window,document);\n\/\/# sourceURL=https:\/\/calmondivulgacoes.com.br\/wp-includes\/js\/wp-embed.min.js\n<\/script>","thumbnail_url":"https:\/\/calmondivulgacoes.com.br\/wp-content\/uploads\/2026\/04\/agric.png","thumbnail_width":329,"thumbnail_height":421,"description":"O secret\u00e1rio de Agricultura, Desenvolvimento, Meio Ambiente e Turismo de Miguel Calmon, Fabr\u00edcio Bacelar Lima Mendes, participou do Jornal Tribuna Livre, da R\u00e1dio Comunit\u00e1ria Canabrava FM 87,9, onde abordou diversos temas relevantes para o munic\u00edpio. Durante a entrevista, o secret\u00e1rio comentou sobre o reajuste concedido pelo Munic\u00edpio ao Poder Legislativo, ressaltando a import\u00e2ncia do equil\u00edbrio [&hellip;]"}